{"id":250,"date":"2025-11-11T10:44:26","date_gmt":"2025-11-11T10:44:26","guid":{"rendered":"https:\/\/ihly.net\/wahlen2026\/home-2\/"},"modified":"2025-11-11T14:51:02","modified_gmt":"2025-11-11T13:51:02","slug":"home-2","status":"publish","type":"page","link":"https:\/\/ihly.net\/wahlen2026\/","title":{"rendered":"Home"},"content":{"rendered":"\n<div class=\"wp-block-uagb-container uagb-block-eb0aa213 alignfull uagb-is-root-container\"><div class=\"uagb-container-inner-blocks-wrap\">\n<div class=\"wp-block-uagb-container uagb-layout-grid uagb-block-77137965\">\n<div class=\"wp-block-uagb-advanced-heading uagb-block-b371cc12\"><p class=\"uagb-desc-text\">Gemeinsam f\u00fcr die Zukunft<\/p><h1 class=\"uagb-heading-text\">Adrian Ihly &#8211; Dein Kandidat f\u00fcr eine nachhaltige Klimapolitik<\/h1><\/div>\n\n\n\n<div class=\"wp-block-uagb-info-box uagb-block-aeecc106 uagb-infobox__content-wrap  uagb-infobox-icon-above-title uagb-infobox-image-valign-top wp-block-uagb-info-box--has-margin\"><div class=\"uagb-infobox-margin-wrapper\"><div class=\"uagb-ifb-content\"><div class=\"uagb-ifb-title-wrap\"><\/div><p class=\"uagb-ifb-desc\">Engagiere Dich f\u00fcr eine umweltfreundliche Zukunft mit Adrian Ihly als deinen Kandidaten.<\/p><div class=\"uagb-ifb-button-wrapper wp-block-button\"><a href=\"contact\/\" class=\"uagb-infobox-cta-link wp-block-button__link\" target=\"_self\" rel=\"noopener noreferrer\" onclick=\"return true;\"><span class=\"uagb-inline-editing\">Jetzt Unterst\u00fctzen<\/span><\/a><\/div><\/div><\/div><\/div>\n<\/div>\n\n\n\n<div class=\"wp-block-uagb-image alignleft uagb-block-92247bfd wp-block-uagb-image--layout-default wp-block-uagb-image--effect-static wp-block-uagb-image--align-left\"><figure class=\"wp-block-uagb-image__figure\"><img decoding=\"async\" srcset=\"https:\/\/ihly.net\/wahlen2026\/wp-content\/uploads\/2025\/11\/pexels-photo-8853509.jpeg ,https:\/\/ihly.net\/wahlen2026\/wp-content\/uploads\/2025\/11\/pexels-photo-8853509.jpeg 780w, https:\/\/ihly.net\/wahlen2026\/wp-content\/uploads\/2025\/11\/pexels-photo-8853509.jpeg 360w\" sizes=\"auto, (max-width: 480px) 150px\" src=\"https:\/\/ihly.net\/wahlen2026\/wp-content\/uploads\/2025\/11\/pexels-photo-8853509.jpeg\" alt=\"Detailed close-up view of solar panels showcasing renewable energy technology.\" class=\"uag-image-7\" width=\"1200\" height=\"450\" title=\"heros-img\" loading=\"lazy\" role=\"img\"\/><\/figure><\/div>\n<\/div><\/div>\n\n\n\n<div class=\"wp-block-uagb-container uagb-layout-grid uagb-block-28fa86dc alignfull uagb-is-root-container\"><div class=\"uagb-container-inner-blocks-wrap\">\n<div class=\"wp-block-uagb-image uagb-block-0be442bf wp-block-uagb-image--layout-default wp-block-uagb-image--effect-static wp-block-uagb-image--align-none\"><figure class=\"wp-block-uagb-image__figure\"><img decoding=\"async\" srcset=\"https:\/\/ihly.net\/wahlen2026\/wp-content\/uploads\/2025\/11\/pexels-photo-9799767.jpeg ,https:\/\/ihly.net\/wahlen2026\/wp-content\/uploads\/2025\/11\/pexels-photo-9799767.jpeg 780w, https:\/\/ihly.net\/wahlen2026\/wp-content\/uploads\/2025\/11\/pexels-photo-9799767.jpeg 360w\" sizes=\"auto, (max-width: 480px) 150px\" src=\"https:\/\/ihly.net\/wahlen2026\/wp-content\/uploads\/2025\/11\/pexels-photo-9799767.jpeg\" alt=\"Solar panels installed over a parking lot, showcasing clean energy innovation outdoors.\" class=\"uag-image-8\" width=\"560\" height=\"500\" title=\"about-us\" loading=\"lazy\" role=\"img\"\/><\/figure><\/div>\n\n\n\n<div class=\"wp-block-uagb-info-box uagb-block-f3852b2e uagb-infobox__content-wrap  uagb-infobox-icon-above-title uagb-infobox-image-valign-top wp-block-uagb-info-box--has-margin\"><div class=\"uagb-infobox-margin-wrapper\"><div class=\"uagb-ifb-content\"><div class=\"uagb-ifb-title-wrap\"><span class=\"uagb-ifb-title-prefix\">\u00dcber Adrian<\/span><h2 class=\"uagb-ifb-title\">Adrians Engagement f\u00fcr eine nachhaltige Energiezukunft im Kanton Bern<\/h2><\/div><p class=\"uagb-ifb-desc\">Adrian Ihly ist ein erfahrener Informatiker und leidenschaftlicher Anwalt f\u00fcr nachhaltige Energie. Mit innovativen L\u00f6sungen setzt er sich f\u00fcr einen effektiven \u00dcbergang zu erneuerbaren Energien ein.<\/p><div class=\"uagb-ifb-button-wrapper wp-block-button\"><a href=\"about\/\" class=\"uagb-infobox-cta-link wp-block-button__link\" target=\"_self\" rel=\"noopener noreferrer\" onclick=\"return true;\"><span class=\"uagb-inline-editing\">WEITERLESEN<\/span><\/a><\/div><\/div><\/div><\/div>\n<\/div><\/div>\n\n\n\n<div class=\"wp-block-uagb-container uagb-block-2bbc57c7 alignfull uagb-is-root-container\"><div class=\"uagb-container-inner-blocks-wrap\">\n<div class=\"wp-block-columns is-layout-flex wp-container-core-columns-is-layout-28f84493 wp-block-columns-is-layout-flex\">\n<div class=\"wp-block-column is-layout-flow wp-block-column-is-layout-flow\" style=\"flex-basis:100%\">\n<div class=\"wp-block-uagb-advanced-heading uagb-block-87b4ca4c\"><h2 class=\"uagb-heading-text\">Raus aus den fossilen Energien, hinein in innovative L\u00f6sungen f\u00fcr dezentrale und nachhaltige Energieversorgung. F\u00fcr uns, unsere Kinder und unsere Enkel.<\/h2><\/div>\n<\/div>\n<\/div>\n\n\n\n<div class=\"wp-block-uagb-container uagb-block-0fdda6ff\">\n<div class=\"wp-block-uagb-container uagb-block-04cba7a5\">\n<div class=\"wp-block-uagb-info-box uagb-block-e4c7a34e uagb-infobox__content-wrap  uagb-infobox-icon-above-title uagb-infobox-image-valign-top wp-block-uagb-info-box--has-margin\"><div class=\"uagb-infobox-margin-wrapper\"><div class=\"uagb-ifb-content\"><div class=\"uagb-ifb-title-wrap\"><h2 class=\"uagb-ifb-title-prefix\">01.<\/h2><h3 class=\"uagb-ifb-title\">Treibhausgase reduzieren<\/h3><\/div><p class=\"uagb-ifb-desc\">Fossiles CO2 und Methan sind die Verursacher des Klimawandels. Wir m\u00fcssen raus aus fossilen Energien, so rasch wie m\u00f6glich  <\/p><\/div><\/div><\/div>\n<\/div>\n\n\n\n<div class=\"wp-block-uagb-container uagb-block-b80cdc99\">\n<div class=\"wp-block-uagb-info-box uagb-block-281474da uagb-infobox__content-wrap  uagb-infobox-icon-above-title uagb-infobox-image-valign-top wp-block-uagb-info-box--has-margin\"><div class=\"uagb-infobox-margin-wrapper\"><div class=\"uagb-ifb-content\"><div class=\"uagb-ifb-title-wrap\"><h2 class=\"uagb-ifb-title-prefix\">02.<\/h2><h3 class=\"uagb-ifb-title\">Technologische Entwicklung<\/h3><\/div><p class=\"uagb-ifb-desc\">Die Schweiz kann Innovation. Eine saubere Energiezukunft ist keine Illusion.<\/p><\/div><\/div><\/div>\n<\/div>\n\n\n\n<div class=\"wp-block-uagb-container uagb-block-8a1354b6\">\n<div class=\"wp-block-uagb-info-box uagb-block-c9efee38 uagb-infobox__content-wrap  uagb-infobox-icon-above-title uagb-infobox-image-valign-top wp-block-uagb-info-box--has-margin\"><div class=\"uagb-infobox-margin-wrapper\"><div class=\"uagb-ifb-content\"><div class=\"uagb-ifb-title-wrap\"><h2 class=\"uagb-ifb-title-prefix\">03.<\/h2><h3 class=\"uagb-ifb-title\">Jetzt umsetzen, was wir l\u00e4ngst wissen<\/h3><\/div><p class=\"uagb-ifb-desc\">Wir m\u00fcssen umsetzen, was wir k\u00f6nnen und was wir heue schon wissen. Keine Verz\u00f6gerungen mehr!<\/p><\/div><\/div><\/div>\n<\/div>\n<\/div>\n<\/div><\/div>\n\n\n\n<div class=\"wp-block-uagb-container uagb-block-43900d48 alignfull uagb-is-root-container\"><div class=\"uagb-container-inner-blocks-wrap\">\n<div class=\"wp-block-uagb-container uag-blocks-common-selector uagb-layout-grid uagb-block-3dc33a14 default uagb-is-root-container\">\n<div class=\"wp-block-uagb-advanced-heading uagb-block-0e7c4e68\"><h2 class=\"uagb-heading-text\">Schlie\u00dfen Sie sich unserer Mission f\u00fcr den Klimaschutz an!<\/h2><\/div>\n\n\n\n<div class=\"wp-block-uagb-buttons uagb-buttons__outer-wrap uagb-btn__default-btn uagb-btn-tablet__default-btn uagb-btn-mobile__default-btn uagb-block-70776913\"><div class=\"uagb-buttons__wrap uagb-buttons-layout-wrap \">\n<div class=\"wp-block-uagb-buttons-child uagb-buttons__outer-wrap uagb-block-839f0188 wp-block-button\"><div class=\"uagb-button__wrapper\"><a class=\"uagb-buttons-repeater wp-block-button__link\" aria-label=\"\" href=\"contact\/\" rel=\"follow noopener\" target=\"_self\" role=\"button\"><div class=\"uagb-button__link\">Jetzt Unterst\u00fctzen<\/div><\/a><\/div><\/div>\n<\/div><\/div>\n<\/div>\n\n\n\n<div class=\"wp-block-uagb-advanced-heading uagb-block-2d8b3864\"><p class=\"uagb-desc-text\">Einzigartige Werte<\/p><h2 class=\"uagb-heading-text\">Adrians Vision f\u00fcr eine nachhaltige Energiezukunft<\/h2><\/div>\n\n\n\n<div class=\"wp-block-uagb-container uagb-block-6724c035\">\n<div class=\"wp-block-uagb-info-box uagb-block-de372885 uagb-infobox__content-wrap  uagb-infobox-icon-above-title uagb-infobox-image-valign-top\"><div class=\"uagb-ifb-content\"><div class=\"uagb-ifb-icon-wrap\"><div class=\"uagb-iconbox-icon-wrap uagb-infobox-shape-circle\"><svg xmlns=\"https:\/\/www.w3.org\/2000\/svg\" viewBox=\"0 0 448 512\"><path d=\"M438.6 105.4C451.1 117.9 451.1 138.1 438.6 150.6L182.6 406.6C170.1 419.1 149.9 419.1 137.4 406.6L9.372 278.6C-3.124 266.1-3.124 245.9 9.372 233.4C21.87 220.9 42.13 220.9 54.63 233.4L159.1 338.7L393.4 105.4C405.9 92.88 426.1 92.88 438.6 105.4H438.6z\"><\/path><\/svg><\/div><\/div><div class=\"uagb-ifb-title-wrap\"><h3 class=\"uagb-ifb-title\">Technologische Kompetenz<\/h3><\/div><p class=\"uagb-ifb-desc\">Mit seinem Fachwissen in Informatik entwickelt Adrian innovative und umweltfreundliche L\u00f6sungen f\u00fcr die Energieversorgung.<\/p><\/div><\/div>\n\n\n\n<div class=\"wp-block-uagb-info-box uagb-block-6ccedceb uagb-infobox__content-wrap  uagb-infobox-icon-above-title uagb-infobox-image-valign-top\"><div class=\"uagb-ifb-content\"><div class=\"uagb-ifb-icon-wrap\"><div class=\"uagb-iconbox-icon-wrap uagb-infobox-shape-circle\"><svg xmlns=\"https:\/\/www.w3.org\/2000\/svg\" viewBox=\"0 0 448 512\"><path d=\"M438.6 105.4C451.1 117.9 451.1 138.1 438.6 150.6L182.6 406.6C170.1 419.1 149.9 419.1 137.4 406.6L9.372 278.6C-3.124 266.1-3.124 245.9 9.372 233.4C21.87 220.9 42.13 220.9 54.63 233.4L159.1 338.7L393.4 105.4C405.9 92.88 426.1 92.88 438.6 105.4H438.6z\"><\/path><\/svg><\/div><\/div><div class=\"uagb-ifb-title-wrap\"><h3 class=\"uagb-ifb-title\">Engagement f\u00fcr Nachhaltigkeit<\/h3><\/div><p class=\"uagb-ifb-desc\">Adrian setzt sich aktiv f\u00fcr den Klimaschutz und eine nachhaltige Energiezukunft im Kanton Bern ein.<\/p><\/div><\/div>\n\n\n\n<div class=\"wp-block-uagb-info-box uagb-block-633f3615 uagb-infobox__content-wrap  uagb-infobox-icon-above-title uagb-infobox-image-valign-top\"><div class=\"uagb-ifb-content\"><div class=\"uagb-ifb-icon-wrap\"><div class=\"uagb-iconbox-icon-wrap uagb-infobox-shape-circle\"><svg xmlns=\"https:\/\/www.w3.org\/2000\/svg\" viewBox=\"0 0 448 512\"><path d=\"M438.6 105.4C451.1 117.9 451.1 138.1 438.6 150.6L182.6 406.6C170.1 419.1 149.9 419.1 137.4 406.6L9.372 278.6C-3.124 266.1-3.124 245.9 9.372 233.4C21.87 220.9 42.13 220.9 54.63 233.4L159.1 338.7L393.4 105.4C405.9 92.88 426.1 92.88 438.6 105.4H438.6z\"><\/path><\/svg><\/div><\/div><div class=\"uagb-ifb-title-wrap\"><h3 class=\"uagb-ifb-title\">Community Fokus<\/h3><\/div><p class=\"uagb-ifb-desc\">Er f\u00f6rdert die Zusammenarbeit mit der Gemeinschaft und bringt Menschen zusammen, um eine bessere Umwelt zu schaffen.<\/p><\/div><\/div>\n<\/div>\n<\/div><\/div>\n\n\n\n<div class=\"wp-block-uagb-container uagb-block-25bbc344 alignfull uagb-is-root-container\"><div class=\"uagb-container-inner-blocks-wrap\">\n<div class=\"wp-block-uagb-advanced-heading uagb-block-04a82708\"><p class=\"uagb-desc-text\">Unser Ansatz<\/p><h2 class=\"uagb-heading-text\">Wie Adrian Ihly die Energiewende vorantreibt<\/h2><\/div>\n\n\n\n<div class=\"wp-block-uagb-container uagb-block-80f61d17\">\n<div class=\"wp-block-uagb-info-box uagb-block-db6bb407 uagb-infobox__content-wrap  uagb-infobox-icon-above-title uagb-infobox-image-valign-top wp-block-uagb-info-box--has-margin\"><div class=\"uagb-infobox-margin-wrapper\"><div class=\"uagb-ifb-content\"><div class=\"uagb-ifb-title-wrap\"><p class=\"uagb-ifb-title-prefix\">Step-01<\/p><h3 class=\"uagb-ifb-title\">Raus aus fossilen Energien<\/h3><\/div><p class=\"uagb-ifb-desc\">Heute wird immer noch gedankenlos fossile Energie verschwendet. Dies ist in vielen F\u00e4llen gar nicht n\u00f6tig.<br><\/p><\/div><\/div><\/div>\n\n\n\n<div class=\"wp-block-uagb-info-box uagb-block-b239141f uagb-infobox__content-wrap  uagb-infobox-icon-above-title uagb-infobox-image-valign-top wp-block-uagb-info-box--has-margin\"><div class=\"uagb-infobox-margin-wrapper\"><div class=\"uagb-ifb-content\"><div class=\"uagb-ifb-title-wrap\"><p class=\"uagb-ifb-title-prefix\">Step-02<\/p><h3 class=\"uagb-ifb-title\">Innovative Technologien<\/h3><\/div><p class=\"uagb-ifb-desc\">Moderne Technologien machen eine nachhaltige Energiezukunft m\u00f6glich.<\/p><\/div><\/div><\/div>\n\n\n\n<div class=\"wp-block-uagb-info-box uagb-block-69a69e5d uagb-infobox__content-wrap  uagb-infobox-icon-above-title uagb-infobox-image-valign-top wp-block-uagb-info-box--has-margin\"><div class=\"uagb-infobox-margin-wrapper\"><div class=\"uagb-ifb-content\"><div class=\"uagb-ifb-title-wrap\"><p class=\"uagb-ifb-title-prefix\">Step-03<\/p><h3 class=\"uagb-ifb-title\">Umsetzen was heute m\u00f6glich ist<\/h3><\/div><p class=\"uagb-ifb-desc\">Was machbar ist auch umsetzen. Teuer wird es, nichts oder zu wenig zu machen.<\/p><\/div><\/div><\/div>\n\n\n\n<div class=\"wp-block-uagb-info-box uagb-block-ed7f0d90 uagb-infobox__content-wrap  uagb-infobox-icon-above-title uagb-infobox-image-valign-top wp-block-uagb-info-box--has-margin\"><div class=\"uagb-infobox-margin-wrapper\"><div class=\"uagb-ifb-content\"><div class=\"uagb-ifb-title-wrap\"><p class=\"uagb-ifb-title-prefix\">Step-04<\/p><h3 class=\"uagb-ifb-title\">Repeat<\/h3><\/div><p class=\"uagb-ifb-desc\">Ver\u00e4nderungen in den Gesellschaft brauchen Zeit. Stetig einen Schritt nach dem anderen in die richtige Richtung bringt den Erfolg.<\/p><\/div><\/div><\/div>\n<\/div>\n<\/div><\/div>\n\n\n\n<div class=\"wp-block-uagb-container uagb-block-c398b505 alignfull uagb-is-root-container\"><div class=\"uagb-container-inner-blocks-wrap\">\n<div class=\"wp-block-uagb-advanced-heading uagb-block-3c01ce17\"><p class=\"uagb-desc-text\">Stimmen<\/p><h2 class=\"uagb-heading-text\">Was die W\u00e4hler \u00fcber Adrian sagen<\/h2><\/div>\n\n\n\n<div class=\"wp-block-uagb-container uagb-layout-grid uagb-block-348b085d\">\n<div class=\"wp-block-uagb-container uagb-block-eb1ca742\">\n<div class=\"wp-block-uagb-info-box uagb-block-b6b91634 uagb-infobox__content-wrap  uagb-infobox-icon-above-title uagb-infobox-image-valign-top\"><div class=\"uagb-ifb-content\"><div class=\"uagb-ifb-icon-wrap\"><svg xmlns=\"https:\/\/www.w3.org\/2000\/svg\" viewBox=\"0 0 448 512\"><path d=\"M96 96C42.98 96 0 138.1 0 192s42.98 96 96 96c11.28 0 21.95-2.305 32-5.879V288c0 35.3-28.7 64-64 64c-17.67 0-32 14.33-32 32s14.33 32 32 32c70.58 0 128-57.42 128-128V192C192 138.1 149 96 96 96zM448 192c0-53.02-42.98-96-96-96s-96 42.98-96 96s42.98 96 96 96c11.28 0 21.95-2.305 32-5.879V288c0 35.3-28.7 64-64 64c-17.67 0-32 14.33-32 32s14.33 32 32 32c70.58 0 128-57.42 128-128V192z\"><\/path><\/svg><\/div><div class=\"uagb-ifb-title-wrap\"><p class=\"uagb-ifb-title\">Adrian Ihly hat innovative Ideen zur nachhaltigen Energiezukunft und engagiert sich leidenschaftlich f\u00fcr den Klimaschutz.<\/p><\/div><p class=\"uagb-ifb-desc\">-Thomas M\u00fcller<\/p><\/div><\/div>\n<\/div>\n\n\n\n<div class=\"wp-block-uagb-container uagb-block-8838c977\">\n<div class=\"wp-block-uagb-info-box uagb-block-fbf8258e uagb-infobox__content-wrap  uagb-infobox-icon-above-title uagb-infobox-image-valign-top\"><div class=\"uagb-ifb-content\"><div class=\"uagb-ifb-icon-wrap\"><svg xmlns=\"https:\/\/www.w3.org\/2000\/svg\" viewBox=\"0 0 448 512\"><path d=\"M96 96C42.98 96 0 138.1 0 192s42.98 96 96 96c11.28 0 21.95-2.305 32-5.879V288c0 35.3-28.7 64-64 64c-17.67 0-32 14.33-32 32s14.33 32 32 32c70.58 0 128-57.42 128-128V192C192 138.1 149 96 96 96zM448 192c0-53.02-42.98-96-96-96s-96 42.98-96 96s42.98 96 96 96c11.28 0 21.95-2.305 32-5.879V288c0 35.3-28.7 64-64 64c-17.67 0-32 14.33-32 32s14.33 32 32 32c70.58 0 128-57.42 128-128V192z\"><\/path><\/svg><\/div><div class=\"uagb-ifb-title-wrap\"><p class=\"uagb-ifb-title\">Ich sch\u00e4tze Adrians Vision und seine technologische Kompetenz. Er ist wirklich ein vorbildlicher Kandidat.<\/p><\/div><p class=\"uagb-ifb-desc\">-Markus Fischer<\/p><\/div><\/div>\n<\/div>\n\n\n\n<div class=\"wp-block-uagb-container uagb-block-172773f8\">\n<div class=\"wp-block-uagb-info-box uagb-block-c9951e81 uagb-infobox__content-wrap  uagb-infobox-icon-above-title uagb-infobox-image-valign-top\"><div class=\"uagb-ifb-content\"><div class=\"uagb-ifb-icon-wrap\"><svg xmlns=\"https:\/\/www.w3.org\/2000\/svg\" viewBox=\"0 0 448 512\"><path d=\"M96 96C42.98 96 0 138.1 0 192s42.98 96 96 96c11.28 0 21.95-2.305 32-5.879V288c0 35.3-28.7 64-64 64c-17.67 0-32 14.33-32 32s14.33 32 32 32c70.58 0 128-57.42 128-128V192C192 138.1 149 96 96 96zM448 192c0-53.02-42.98-96-96-96s-96 42.98-96 96s42.98 96 96 96c11.28 0 21.95-2.305 32-5.879V288c0 35.3-28.7 64-64 64c-17.67 0-32 14.33-32 32s14.33 32 32 32c70.58 0 128-57.42 128-128V192z\"><\/path><\/svg><\/div><div class=\"uagb-ifb-title-wrap\"><p class=\"uagb-ifb-title\">Adrian ist eine erfrischende Stimme im Grossrat. Seine Ans\u00e4tze sind kreativ und notwendig f\u00fcr unsere Zukunft.<\/p><\/div><p class=\"uagb-ifb-desc\">-Robert Klein<\/p><\/div><\/div>\n<\/div>\n\n\n\n<div class=\"wp-block-uagb-container uagb-block-fe57ed4d\">\n<div class=\"wp-block-uagb-info-box uagb-block-e1828a0a uagb-infobox__content-wrap  uagb-infobox-icon-above-title uagb-infobox-image-valign-top\"><div class=\"uagb-ifb-content\"><div class=\"uagb-ifb-icon-wrap\"><svg xmlns=\"https:\/\/www.w3.org\/2000\/svg\" viewBox=\"0 0 448 512\"><path d=\"M96 96C42.98 96 0 138.1 0 192s42.98 96 96 96c11.28 0 21.95-2.305 32-5.879V288c0 35.3-28.7 64-64 64c-17.67 0-32 14.33-32 32s14.33 32 32 32c70.58 0 128-57.42 128-128V192C192 138.1 149 96 96 96zM448 192c0-53.02-42.98-96-96-96s-96 42.98-96 96s42.98 96 96 96c11.28 0 21.95-2.305 32-5.879V288c0 35.3-28.7 64-64 64c-17.67 0-32 14.33-32 32s14.33 32 32 32c70.58 0 128-57.42 128-128V192z\"><\/path><\/svg><\/div><div class=\"uagb-ifb-title-wrap\"><p class=\"uagb-ifb-title\">Ich bin beeindruckt von Adrians Engagement f\u00fcr den Klimaschutz und seinen innovativen Ideen zur Energieversorgung.<\/p><\/div><p class=\"uagb-ifb-desc\">-Daniel Weber<\/p><\/div><\/div>\n<\/div>\n<\/div>\n<\/div><\/div>\n\n\n\n<div class=\"wp-block-uagb-container uagb-block-353480fd alignfull uagb-is-root-container\"><div class=\"uagb-container-inner-blocks-wrap\">\n<div class=\"wp-block-uagb-info-box uagb-block-289af9f9 uagb-infobox__content-wrap  uagb-infobox-icon-above-title uagb-infobox-image-valign-top\"><div class=\"uagb-ifb-content\"><div class=\"uagb-ifb-title-wrap\"><h2 class=\"uagb-ifb-title\">Machen Sie mit uns einen Unterschied!<\/h2><\/div><p class=\"uagb-ifb-desc\">Ihre Unterst\u00fctzung ist entscheidend f\u00fcr eine nachhaltige Zukunft im Kanton Bern. Engagieren Sie sich jetzt.<\/p><div class=\"uagb-ifb-button-wrapper wp-block-button\"><a href=\"\/contact\/\" class=\"uagb-infobox-cta-link wp-block-button__link\" target=\"_self\" rel=\"noopener noreferrer\" onclick=\"return true;\" alt=\"\"><span class=\"uagb-inline-editing\">Jetzt Unterst\u00fctzen<\/span><\/a><\/div><\/div><\/div>\n<\/div><\/div>\n","protected":false},"excerpt":{"rendered":"<p>Gemeinsam f\u00fcr die Zukunft Adrian Ihly &#8211; Dein Kandidat f\u00fcr eine nachhaltige Klimapolitik Raus aus den fossilen Energien, hinein in [&hellip;]<\/p>\n","protected":false},"author":1,"featured_media":0,"parent":0,"menu_order":0,"comment_status":"closed","ping_status":"closed","template":"","meta":{"_uag_custom_page_level_css":"","site-sidebar-layout":"default","site-content-layout":"","ast-site-content-layout":"default","site-content-style":"default","site-sidebar-style":"default","ast-global-header-display":"","ast-banner-title-visibility":"","ast-main-header-display":"","ast-hfb-above-header-display":"","ast-hfb-below-header-display":"","ast-hfb-mobile-header-display":"","site-post-title":"disabled","ast-breadcrumbs-content":"","ast-featured-img":"","footer-sml-layout":"","theme-transparent-header-meta":"","adv-header-id-meta":"","stick-header-meta":"","header-above-stick-meta":"","header-main-stick-meta":"","header-below-stick-meta":"","astra-migrate-meta-layouts":"default","ast-page-background-enabled":"default","ast-page-background-meta":{"desktop":{"background-color":"var(--ast-global-color-4)","background-image":"","background-repeat":"repeat","background-position":"center center","background-size":"auto","background-attachment":"scroll","background-type":"","background-media":"","overlay-type":"","overlay-color":"","overlay-opacity":"","overlay-gradient":""},"tablet":{"background-color":"","background-image":"","background-repeat":"repeat","background-position":"center center","background-size":"auto","background-attachment":"scroll","background-type":"","background-media":"","overlay-type":"","overlay-color":"","overlay-opacity":"","overlay-gradient":""},"mobile":{"background-color":"","background-image":"","background-repeat":"repeat","background-position":"center center","background-size":"auto","background-attachment":"scroll","background-type":"","background-media":"","overlay-type":"","overlay-color":"","overlay-opacity":"","overlay-gradient":""}},"ast-content-background-meta":{"desktop":{"background-color":"var(--ast-global-color-5)","background-image":"","background-repeat":"repeat","background-position":"center center","background-size":"auto","background-attachment":"scroll","background-type":"","background-media":"","overlay-type":"","overlay-color":"","overlay-opacity":"","overlay-gradient":""},"tablet":{"background-color":"var(--ast-global-color-5)","background-image":"","background-repeat":"repeat","background-position":"center center","background-size":"auto","background-attachment":"scroll","background-type":"","background-media":"","overlay-type":"","overlay-color":"","overlay-opacity":"","overlay-gradient":""},"mobile":{"background-color":"var(--ast-global-color-5)","background-image":"","background-repeat":"repeat","background-position":"center center","background-size":"auto","background-attachment":"scroll","background-type":"","background-media":"","overlay-type":"","overlay-color":"","overlay-opacity":"","overlay-gradient":""}},"footnotes":""},"class_list":["post-250","page","type-page","status-publish","hentry"],"uagb_featured_image_src":{"full":false,"thumbnail":false,"medium":false,"medium_large":false,"large":false,"1536x1536":false,"2048x2048":false},"uagb_author_info":{"display_name":"admin","author_link":"https:\/\/ihly.net\/wahlen2026\/author\/admin\/"},"uagb_comment_info":0,"uagb_excerpt":"Gemeinsam f\u00fcr die Zukunft Adrian Ihly &#8211; Dein Kandidat f\u00fcr eine nachhaltige Klimapolitik Raus aus den fossilen Energien, hinein in [&hellip;]","_links":{"self":[{"href":"https:\/\/ihly.net\/wahlen2026\/wp-json\/wp\/v2\/pages\/250","targetHints":{"allow":["GET"]}}],"collection":[{"href":"https:\/\/ihly.net\/wahlen2026\/wp-json\/wp\/v2\/pages"}],"about":[{"href":"https:\/\/ihly.net\/wahlen2026\/wp-json\/wp\/v2\/types\/page"}],"author":[{"embeddable":true,"href":"https:\/\/ihly.net\/wahlen2026\/wp-json\/wp\/v2\/users\/1"}],"replies":[{"embeddable":true,"href":"https:\/\/ihly.net\/wahlen2026\/wp-json\/wp\/v2\/comments?post=250"}],"version-history":[{"count":5,"href":"https:\/\/ihly.net\/wahlen2026\/wp-json\/wp\/v2\/pages\/250\/revisions"}],"predecessor-version":[{"id":306,"href":"https:\/\/ihly.net\/wahlen2026\/wp-json\/wp\/v2\/pages\/250\/revisions\/306"}],"wp:attachment":[{"href":"https:\/\/ihly.net\/wahlen2026\/wp-json\/wp\/v2\/media?parent=250"}],"curies":[{"name":"wp","href":"https:\/\/api.w.org\/{rel}","templated":true}]}}