{"id":251,"date":"2025-11-11T10:44:26","date_gmt":"2025-11-11T10:44:26","guid":{"rendered":"https:\/\/ihly.net\/wahlen2026\/about\/"},"modified":"2025-11-11T10:44:48","modified_gmt":"2025-11-11T10:44:48","slug":"about","status":"publish","type":"page","link":"https:\/\/ihly.net\/wahlen2026\/about\/","title":{"rendered":"About"},"content":{"rendered":"\n<div class=\"wp-block-uagb-container uagb-block-e5972208 alignfull uagb-is-root-container\"><div class=\"uagb-container-inner-blocks-wrap\">\n<div class=\"wp-block-uagb-advanced-heading uagb-block-b371cc12\"><p class=\"uagb-desc-text\">\u00dcber Uns<\/p><h1 class=\"uagb-heading-text\">Engagiert f\u00fcr eine nachhaltige Zukunft im Kanton Bern<\/h1><\/div>\n<\/div><\/div>\n\n\n\n<div class=\"wp-block-uagb-container uagb-block-28fa86dc alignfull uagb-is-root-container\"><div class=\"uagb-container-inner-blocks-wrap\">\n<div class=\"wp-block-uagb-container uagb-block-18062607\">\n<div class=\"wp-block-uagb-image uagb-block-0be442bf wp-block-uagb-image--layout-default wp-block-uagb-image--effect-static wp-block-uagb-image--align-none\"><figure class=\"wp-block-uagb-image__figure\"><img decoding=\"async\" srcset=\"https:\/\/ihly.net\/wahlen2026\/wp-content\/uploads\/2025\/11\/pexels-photo-8853509.jpeg ,https:\/\/ihly.net\/wahlen2026\/wp-content\/uploads\/2025\/11\/pexels-photo-8853509.jpeg 780w, https:\/\/ihly.net\/wahlen2026\/wp-content\/uploads\/2025\/11\/pexels-photo-8853509.jpeg 360w\" sizes=\"auto, (max-width: 480px) 150px\" src=\"https:\/\/ihly.net\/wahlen2026\/wp-content\/uploads\/2025\/11\/pexels-photo-8853509.jpeg\" alt=\"Detailed close-up view of solar panels showcasing renewable energy technology.\" class=\"uag-image-7\" width=\"560\" height=\"500\" title=\"about-us\" loading=\"lazy\" role=\"img\"\/><\/figure><\/div>\n\n\n\n<div class=\"wp-block-uagb-container uagb-block-ea15cb0a\">\n<div class=\"wp-block-uagb-container uagb-block-bc8fb7c9\">\n<div class=\"wp-block-uagb-counter uagb-block-d1f2f60b wp-block-uagb-counter--number\"><div class=\"wp-block-uagb-counter__number\"><span class=\"uagb-counter-block-number\" data-duration=\"1.5\" data-to-value=\"15\" data-from-value=\"0\" data-delimiter=\",\"><\/span><span class=\"uagb-counter-block-suffix\">+<\/span><\/div><div class=\"wp-block-uagb-counter__title\">Jahre Erfahrung<\/div><\/div>\n<\/div>\n\n\n\n<div class=\"wp-block-uagb-container uagb-block-733a60e1\">\n<div class=\"wp-block-uagb-counter uagb-block-6c75e0ad wp-block-uagb-counter--number\"><div class=\"wp-block-uagb-counter__number\"><span class=\"uagb-counter-block-number\" data-duration=\"1.5\" data-to-value=\"20\" data-from-value=\"0\" data-delimiter=\",\"><\/span><span class=\"uagb-counter-block-suffix\">+<\/span><\/div><div class=\"wp-block-uagb-counter__title\">Teammitglieder<\/div><\/div>\n<\/div>\n\n\n\n<div class=\"wp-block-uagb-container uagb-block-9b243be6\">\n<div class=\"wp-block-uagb-counter uagb-block-dd716b88 wp-block-uagb-counter--number\"><div class=\"wp-block-uagb-counter__number\"><span class=\"uagb-counter-block-number\" data-duration=\"1.5\" data-to-value=\"98\" data-from-value=\"0\" data-delimiter=\",\"><\/span><span class=\"uagb-counter-block-suffix\">%<\/span><\/div><div class=\"wp-block-uagb-counter__title\">Zufriedener Kunde<\/div><\/div>\n<\/div>\n\n\n\n<div class=\"wp-block-uagb-container uagb-block-92d8df2f\">\n<div class=\"wp-block-uagb-counter uagb-block-d9cb5f03 wp-block-uagb-counter--number\"><div class=\"wp-block-uagb-counter__number\"><span class=\"uagb-counter-block-number\" data-duration=\"1.5\" data-to-value=\"5\" data-from-value=\"0\" data-delimiter=\",\"><\/span><span class=\"uagb-counter-block-suffix\">+<\/span><\/div><div class=\"wp-block-uagb-counter__title\">Gewonnene Auszeichnungen<\/div><\/div>\n<\/div>\n<\/div>\n<\/div>\n\n\n\n<div class=\"wp-block-uagb-container uagb-block-7f0c016a\">\n<div class=\"wp-block-uagb-advanced-heading uagb-block-8a54fc41\"><p class=\"uagb-desc-text\">Unsere Vision<\/p><h2 class=\"uagb-heading-text\">Adrian Ihly: Ihr Kandidat f\u00fcr den Grossrat im Kanton Bern<\/h2><\/div>\n\n\n\n<div class=\"wp-block-uagb-advanced-heading uagb-block-a33c8efa\"><p class=\"uagb-heading-text\">Mit seinem Wissen und Engagement hat Adrian Ihly innovative L\u00f6sungen hervorgebracht, welche die Umstellung auf nachhaltige Energiequellen f\u00f6rdern. Sein Ansatz hat bereits erste Erfolge im Bereich der umweltfreundlichen Energieversorgung erzielt.<\/p><p class=\"uagb-desc-text\">Adrian Ihly setzt sich leidenschaftlich f\u00fcr den Klimaschutz ein. Durch intensive Forschungsarbeiten und einen kooperativen Ansatz hat er bahnbrechende L\u00f6sungen entwickelt, die fossile Brennstoffe durch erneuerbare Energie ersetzen. Seine Projekte zeigen bereits positive Ergebnisse f\u00fcr die Gemeinden im Kanton Bern und bieten eine umweltfreundliche Perspektive f\u00fcr die Zukunft.<\/p><\/div>\n\n\n\n<div class=\"wp-block-uagb-image uagb-block-2cef716a wp-block-uagb-image--layout-default wp-block-uagb-image--effect-static wp-block-uagb-image--align-none\"><figure class=\"wp-block-uagb-image__figure\"><img decoding=\"async\" srcset=\"https:\/\/ihly.net\/wahlen2026\/wp-content\/uploads\/2025\/11\/pexels-photo-9799767.jpeg ,https:\/\/ihly.net\/wahlen2026\/wp-content\/uploads\/2025\/11\/pexels-photo-9799767.jpeg 780w, https:\/\/ihly.net\/wahlen2026\/wp-content\/uploads\/2025\/11\/pexels-photo-9799767.jpeg 360w\" sizes=\"auto, (max-width: 480px) 150px\" src=\"https:\/\/ihly.net\/wahlen2026\/wp-content\/uploads\/2025\/11\/pexels-photo-9799767.jpeg\" alt=\"Solar panels installed over a parking lot, showcasing clean energy innovation outdoors.\" class=\"uag-image-8\" width=\"560\" height=\"300\" title=\"who-we-are\" loading=\"lazy\" role=\"img\"\/><\/figure><\/div>\n<\/div>\n<\/div><\/div>\n\n\n\n<div class=\"wp-block-uagb-container uagb-layout-grid uagb-block-b73b02d3 alignfull uagb-is-root-container\"><div class=\"uagb-container-inner-blocks-wrap\">\n<div class=\"wp-block-uagb-container uagb-block-68004fa2\">\n<div class=\"wp-block-uagb-info-box uagb-block-777883ce uagb-infobox__content-wrap  uagb-infobox-icon-above-title uagb-infobox-image-valign-top\"><div class=\"uagb-ifb-content\"><div class=\"uagb-ifb-title-wrap\"><p class=\"uagb-ifb-title-prefix\">Unsere Geschichte<\/p><h2 class=\"uagb-ifb-title\">Ein engagierter Kandidat mit fortschrittlicher Vision<\/h2><\/div><p class=\"uagb-ifb-desc\">Adrian Ihly hat seine Karriere als Informatiker begonnen und ist schnell zu einem f\u00fchrenden Experten im Bereich nachhaltige Energieversorgung geworden. Seit 2025 setzt er sich aktiv f\u00fcr die Grossratswahlen im Kanton Bern ein, um innovative Ans\u00e4tze f\u00fcr den \u00dcbergang zu erneuerbaren Energien voranzutreiben und einen positiven Einfluss auf die Umwelt zu haben.<\/p><\/div><\/div>\n<\/div>\n\n\n\n<div class=\"wp-block-uagb-image uagb-block-1c8aa24f wp-block-uagb-image--layout-default wp-block-uagb-image--effect-static wp-block-uagb-image--align-none\"><figure class=\"wp-block-uagb-image__figure\"><img decoding=\"async\" srcset=\"https:\/\/ihly.net\/wahlen2026\/wp-content\/uploads\/2025\/11\/pexels-photo-9875419.jpeg ,https:\/\/ihly.net\/wahlen2026\/wp-content\/uploads\/2025\/11\/pexels-photo-9875419.jpeg 780w, https:\/\/ihly.net\/wahlen2026\/wp-content\/uploads\/2025\/11\/pexels-photo-9875419.jpeg 360w\" sizes=\"auto, (max-width: 480px) 150px\" src=\"https:\/\/ihly.net\/wahlen2026\/wp-content\/uploads\/2025\/11\/pexels-photo-9875419.jpeg\" alt=\"Man installing a solar panel on a residential rooftop, promoting sustainable energy.\" class=\"uag-image-9\" width=\"600\" height=\"500\" title=\"our-story\" loading=\"lazy\" role=\"img\"\/><\/figure><\/div>\n<\/div><\/div>\n\n\n\n<div class=\"wp-block-uagb-container uagb-block-1fa75ccb alignfull uagb-is-root-container\"><div class=\"uagb-container-inner-blocks-wrap\">\n<div class=\"wp-block-uagb-advanced-heading uagb-block-7b6eba87\"><p class=\"uagb-desc-text\">Unser Team<\/p><h2 class=\"uagb-heading-text\">Ein Team von Experten f\u00fcr nachhaltige L\u00f6sungen<\/h2><\/div>\n\n\n\n<div class=\"wp-block-uagb-container uagb-block-04137919\">\n<div class=\"wp-block-uagb-container uagb-block-084b022d\">\n<div class=\"wp-block-uagb-image aligncenter uagb-block-403c2f68 wp-block-uagb-image--layout-default wp-block-uagb-image--effect-static wp-block-uagb-image--align-center\"><figure class=\"wp-block-uagb-image__figure\"><img decoding=\"async\" srcset=\"https:\/\/ihly.net\/wahlen2026\/wp-content\/uploads\/2024\/05\/team-skip-01.jpg ,https:\/\/ihly.net\/wahlen2026\/wp-content\/uploads\/2024\/05\/team-skip-01.jpg 780w, https:\/\/ihly.net\/wahlen2026\/wp-content\/uploads\/2024\/05\/team-skip-01.jpg 360w\" sizes=\"auto, (max-width: 480px) 150px\" src=\"https:\/\/ihly.net\/wahlen2026\/wp-content\/uploads\/2024\/05\/team-skip-01.jpg\" alt=\"Team Skip 01\" class=\"uag-image-48\" width=\"270\" height=\"270\" title=\"team-skip-01\" loading=\"lazy\" role=\"img\"><\/figure><\/div>\n\n\n\n<div class=\"wp-block-uagb-advanced-heading uagb-block-58e05184\"><h3 class=\"uagb-heading-text\">William Baker<\/h3><\/div>\n<\/div>\n\n\n\n<div class=\"wp-block-uagb-container uagb-block-44e963c5\">\n<div class=\"wp-block-uagb-image aligncenter uagb-block-5a27e28d wp-block-uagb-image--layout-default wp-block-uagb-image--effect-static wp-block-uagb-image--align-center\"><figure class=\"wp-block-uagb-image__figure\"><img decoding=\"async\" srcset=\"https:\/\/ihly.net\/wahlen2026\/wp-content\/uploads\/2024\/05\/team-skip-02.jpg ,https:\/\/ihly.net\/wahlen2026\/wp-content\/uploads\/2024\/05\/team-skip-02.jpg 780w, https:\/\/ihly.net\/wahlen2026\/wp-content\/uploads\/2024\/05\/team-skip-02.jpg 360w\" sizes=\"auto, (max-width: 480px) 150px\" src=\"https:\/\/ihly.net\/wahlen2026\/wp-content\/uploads\/2024\/05\/team-skip-02.jpg\" alt=\"Team Skip 02\" class=\"uag-image-49\" width=\"270\" height=\"270\" title=\"team-skip-02\" loading=\"lazy\" role=\"img\"><\/figure><\/div>\n\n\n\n<div class=\"wp-block-uagb-advanced-heading uagb-block-853be4b4\"><h3 class=\"uagb-heading-text\">Oliver Evans<\/h3><\/div>\n<\/div>\n\n\n\n<div class=\"wp-block-uagb-container uagb-block-26984318\">\n<div class=\"wp-block-uagb-image aligncenter uagb-block-75afc079 wp-block-uagb-image--layout-default wp-block-uagb-image--effect-static wp-block-uagb-image--align-center\"><figure class=\"wp-block-uagb-image__figure\"><img decoding=\"async\" srcset=\"https:\/\/ihly.net\/wahlen2026\/wp-content\/uploads\/2024\/05\/team-skip-03.jpg ,https:\/\/ihly.net\/wahlen2026\/wp-content\/uploads\/2024\/05\/team-skip-03.jpg 780w, https:\/\/ihly.net\/wahlen2026\/wp-content\/uploads\/2024\/05\/team-skip-03.jpg 360w\" sizes=\"auto, (max-width: 480px) 150px\" src=\"https:\/\/ihly.net\/wahlen2026\/wp-content\/uploads\/2024\/05\/team-skip-03.jpg\" alt=\"Team Skip 03\" class=\"uag-image-50\" width=\"270\" height=\"270\" title=\"team-skip-03\" loading=\"lazy\" role=\"img\"><\/figure><\/div>\n\n\n\n<div class=\"wp-block-uagb-advanced-heading uagb-block-5c3f31ed\"><h3 class=\"uagb-heading-text\">Arthur Walker<\/h3><\/div>\n<\/div>\n\n\n\n<div class=\"wp-block-uagb-container uagb-block-a9e32928\">\n<div class=\"wp-block-uagb-image aligncenter uagb-block-ea94a255 wp-block-uagb-image--layout-default wp-block-uagb-image--effect-static wp-block-uagb-image--align-center\"><figure class=\"wp-block-uagb-image__figure\"><img decoding=\"async\" srcset=\"https:\/\/ihly.net\/wahlen2026\/wp-content\/uploads\/2024\/05\/team-skip-04.jpg ,https:\/\/ihly.net\/wahlen2026\/wp-content\/uploads\/2024\/05\/team-skip-04.jpg 780w, https:\/\/ihly.net\/wahlen2026\/wp-content\/uploads\/2024\/05\/team-skip-04.jpg 360w\" sizes=\"auto, (max-width: 480px) 150px\" src=\"https:\/\/ihly.net\/wahlen2026\/wp-content\/uploads\/2024\/05\/team-skip-04.jpg\" alt=\"Team Skip 04\" class=\"uag-image-51\" width=\"270\" height=\"270\" title=\"team-skip-04\" loading=\"lazy\" role=\"img\"><\/figure><\/div>\n\n\n\n<div class=\"wp-block-uagb-advanced-heading uagb-block-8f640a8c\"><h3 class=\"uagb-heading-text\">Alexander Roberts<\/h3><\/div>\n<\/div>\n<\/div>\n<\/div><\/div>\n\n\n\n<div class=\"wp-block-uagb-container uagb-block-353480fd alignfull uagb-is-root-container\"><div class=\"uagb-container-inner-blocks-wrap\">\n<div class=\"wp-block-uagb-info-box uagb-block-289af9f9 uagb-infobox__content-wrap  uagb-infobox-icon-above-title uagb-infobox-image-valign-top\"><div class=\"uagb-ifb-content\"><div class=\"uagb-ifb-title-wrap\"><h2 class=\"uagb-ifb-title\">Machen Sie mit uns einen Unterschied!<\/h2><\/div><p class=\"uagb-ifb-desc\">Ihre Unterst\u00fctzung ist entscheidend f\u00fcr eine nachhaltige Zukunft im Kanton Bern. Engagieren Sie sich jetzt.<\/p><div class=\"uagb-ifb-button-wrapper wp-block-button\"><a href=\"\/contact\/\" class=\"uagb-infobox-cta-link wp-block-button__link\" target=\"_self\" rel=\"noopener noreferrer\" onclick=\"return true;\" alt=\"\"><span class=\"uagb-inline-editing\">Jetzt Unterst\u00fctzen<\/span><\/a><\/div><\/div><\/div>\n<\/div><\/div>\n","protected":false},"excerpt":{"rendered":"<p>\u00dcber Uns Engagiert f\u00fcr eine nachhaltige Zukunft im Kanton Bern Unsere Vision Adrian Ihly: Ihr Kandidat f\u00fcr den Grossrat im [&hellip;]<\/p>\n","protected":false},"author":1,"featured_media":0,"parent":0,"menu_order":0,"comment_status":"closed","ping_status":"closed","template":"","meta":{"_uag_custom_page_level_css":"","site-sidebar-layout":"default","site-content-layout":"","ast-site-content-layout":"default","site-content-style":"default","site-sidebar-style":"default","ast-global-header-display":"","ast-banner-title-visibility":"","ast-main-header-display":"","ast-hfb-above-header-display":"","ast-hfb-below-header-display":"","ast-hfb-mobile-header-display":"","site-post-title":"disabled","ast-breadcrumbs-content":"","ast-featured-img":"","footer-sml-layout":"","theme-transparent-header-meta":"","adv-header-id-meta":"","stick-header-meta":"","header-above-stick-meta":"","header-main-stick-meta":"","header-below-stick-meta":"","astra-migrate-meta-layouts":"default","ast-page-background-enabled":"default","ast-page-background-meta":{"desktop":{"background-color":"var(--ast-global-color-4)","background-image":"","background-repeat":"repeat","background-position":"center center","background-size":"auto","background-attachment":"scroll","background-type":"","background-media":"","overlay-type":"","overlay-color":"","overlay-opacity":"","overlay-gradient":""},"tablet":{"background-color":"","background-image":"","background-repeat":"repeat","background-position":"center center","background-size":"auto","background-attachment":"scroll","background-type":"","background-media":"","overlay-type":"","overlay-color":"","overlay-opacity":"","overlay-gradient":""},"mobile":{"background-color":"","background-image":"","background-repeat":"repeat","background-position":"center center","background-size":"auto","background-attachment":"scroll","background-type":"","background-media":"","overlay-type":"","overlay-color":"","overlay-opacity":"","overlay-gradient":""}},"ast-content-background-meta":{"desktop":{"background-color":"var(--ast-global-color-5)","background-image":"","background-repeat":"repeat","background-position":"center center","background-size":"auto","background-attachment":"scroll","background-type":"","background-media":"","overlay-type":"","overlay-color":"","overlay-opacity":"","overlay-gradient":""},"tablet":{"background-color":"var(--ast-global-color-5)","background-image":"","background-repeat":"repeat","background-position":"center center","background-size":"auto","background-attachment":"scroll","background-type":"","background-media":"","overlay-type":"","overlay-color":"","overlay-opacity":"","overlay-gradient":""},"mobile":{"background-color":"var(--ast-global-color-5)","background-image":"","background-repeat":"repeat","background-position":"center center","background-size":"auto","background-attachment":"scroll","background-type":"","background-media":"","overlay-type":"","overlay-color":"","overlay-opacity":"","overlay-gradient":""}},"footnotes":""},"class_list":["post-251","page","type-page","status-publish","hentry"],"uagb_featured_image_src":{"full":false,"thumbnail":false,"medium":false,"medium_large":false,"large":false,"1536x1536":false,"2048x2048":false},"uagb_author_info":{"display_name":"admin","author_link":"https:\/\/ihly.net\/wahlen2026\/author\/admin\/"},"uagb_comment_info":0,"uagb_excerpt":"\u00dcber Uns Engagiert f\u00fcr eine nachhaltige Zukunft im Kanton Bern Unsere Vision Adrian Ihly: Ihr Kandidat f\u00fcr den Grossrat im [&hellip;]","_links":{"self":[{"href":"https:\/\/ihly.net\/wahlen2026\/wp-json\/wp\/v2\/pages\/251","targetHints":{"allow":["GET"]}}],"collection":[{"href":"https:\/\/ihly.net\/wahlen2026\/wp-json\/wp\/v2\/pages"}],"about":[{"href":"https:\/\/ihly.net\/wahlen2026\/wp-json\/wp\/v2\/types\/page"}],"author":[{"embeddable":true,"href":"https:\/\/ihly.net\/wahlen2026\/wp-json\/wp\/v2\/users\/1"}],"replies":[{"embeddable":true,"href":"https:\/\/ihly.net\/wahlen2026\/wp-json\/wp\/v2\/comments?post=251"}],"version-history":[{"count":3,"href":"https:\/\/ihly.net\/wahlen2026\/wp-json\/wp\/v2\/pages\/251\/revisions"}],"predecessor-version":[{"id":301,"href":"https:\/\/ihly.net\/wahlen2026\/wp-json\/wp\/v2\/pages\/251\/revisions\/301"}],"wp:attachment":[{"href":"https:\/\/ihly.net\/wahlen2026\/wp-json\/wp\/v2\/media?parent=251"}],"curies":[{"name":"wp","href":"https:\/\/api.w.org\/{rel}","templated":true}]}}